{"id":4112,"date":"2025-01-29T14:59:43","date_gmt":"2025-01-29T11:59:43","guid":{"rendered":"https:\/\/wir-kaufen-dein-auto-schweiz.ch\/?page_id=4112"},"modified":"2026-01-29T20:53:48","modified_gmt":"2026-01-29T17:53:48","slug":"autoankauf-verkauf-ganze-schweiz","status":"publish","type":"page","link":"https:\/\/wir-kaufen-dein-auto-schweiz.ch\/fr\/autoankauf-verkauf-ganze-schweiz\/","title":{"rendered":"Autoankauf und Verkauf ganze Schweiz"},"content":{"rendered":"<div data-elementor-type=\"wp-page\" data-elementor-id=\"4112\" class=\"elementor elementor-4112\">\n\t\t\t\t<div class=\"elementor-element elementor-element-72c7cd9 e-con-full e-flex e-con e-parent\" data-id=\"72c7cd9\" data-element_type=\"container\" data-settings=\"{&quot;background_background&quot;:&quot;classic&quot;}\">\n\t\t\t\t<div class=\"elementor-element elementor-element-c32032c elementor-widget elementor-widget-heading\" data-id=\"c32032c\" data-element_type=\"widget\" data-widget_type=\"heading.default\">\n\t\t\t\t<div class=\"elementor-widget-container\">\n\t\t\t\t\t<h1 class=\"elementor-heading-title elementor-size-default\">Achat de voitures dans toute la Suisse<\/h1>\t\t\t\t<\/div>\n\t\t\t\t<\/div>\n\t\t\t\t<div class=\"elementor-element elementor-element-05c744b elementor-widget elementor-widget-spacer\" data-id=\"05c744b\" data-element_type=\"widget\" data-widget_type=\"spacer.default\">\n\t\t\t\t<div class=\"elementor-widget-container\">\n\t\t\t\t\t\t\t<div class=\"elementor-spacer\">\n\t\t\t<div class=\"elementor-spacer-inner\"><\/div>\n\t\t<\/div>\n\t\t\t\t\t\t<\/div>\n\t\t\t\t<\/div>\n\t\t\t\t<div class=\"elementor-element elementor-element-ddc380a elementor-widget elementor-widget-heading\" data-id=\"ddc380a\" data-element_type=\"widget\" data-widget_type=\"heading.default\">\n\t\t\t\t<div class=\"elementor-widget-container\">\n\t\t\t\t\t<h2 class=\"elementor-heading-title elementor-size-default\">Nous achetons votre voiture d'occasion dans tous les cantons<\/h2>\t\t\t\t<\/div>\n\t\t\t\t<\/div>\n\t\t\t\t<div class=\"elementor-element elementor-element-b6e7046 elementor-widget elementor-widget-spacer\" data-id=\"b6e7046\" data-element_type=\"widget\" data-widget_type=\"spacer.default\">\n\t\t\t\t<div class=\"elementor-widget-container\">\n\t\t\t\t\t\t\t<div class=\"elementor-spacer\">\n\t\t\t<div class=\"elementor-spacer-inner\"><\/div>\n\t\t<\/div>\n\t\t\t\t\t\t<\/div>\n\t\t\t\t<\/div>\n\t\t\t\t<div class=\"elementor-element elementor-element-ecce986 elementor-widget elementor-widget-heading\" data-id=\"ecce986\" data-element_type=\"widget\" data-widget_type=\"heading.default\">\n\t\t\t\t<div class=\"elementor-widget-container\">\n\t\t\t\t\t<h2 class=\"elementor-heading-title elementor-size-default\"><a href=\"tel:+41794373842\" title=\"T\u00e9l\u00e9phone\">079&nbsp;437&nbsp;38&nbsp;42<\/a><\/h2>\t\t\t\t<\/div>\n\t\t\t\t<\/div>\n\t\t\t\t<div class=\"elementor-element elementor-element-eb82ace elementor-widget elementor-widget-spacer\" data-id=\"eb82ace\" data-element_type=\"widget\" data-widget_type=\"spacer.default\">\n\t\t\t\t<div class=\"elementor-widget-container\">\n\t\t\t\t\t\t\t<div class=\"elementor-spacer\">\n\t\t\t<div class=\"elementor-spacer-inner\"><\/div>\n\t\t<\/div>\n\t\t\t\t\t\t<\/div>\n\t\t\t\t<\/div>\n\t\t\t\t<div class=\"elementor-element elementor-element-ae012f1 elementor-widget elementor-widget-button\" data-id=\"ae012f1\" data-element_type=\"widget\" data-widget_type=\"button.default\">\n\t\t\t\t<div class=\"elementor-widget-container\">\n\t\t\t\t\t\t\t\t\t<div class=\"elementor-button-wrapper\">\n\t\t\t\t\t<a class=\"elementor-button elementor-button-link elementor-size-sm\" href=\"#onlineofferte\">\n\t\t\t\t\t\t<span class=\"elementor-button-content-wrapper\">\n\t\t\t\t\t\t\t\t\t<span class=\"elementor-button-text\">Demander un devis gratuit...<\/span>\n\t\t\t\t\t<\/span>\n\t\t\t\t\t<\/a>\n\t\t\t\t<\/div>\n\t\t\t\t\t\t\t\t<\/div>\n\t\t\t\t<\/div>\n\t\t\t\t<\/div>\n\t\t<div class=\"elementor-element elementor-element-18c9688 e-flex e-con-boxed e-con e-parent\" data-id=\"18c9688\" data-element_type=\"container\">\n\t\t\t\t\t<div class=\"e-con-inner\">\n\t\t<div class=\"elementor-element elementor-element-8762d28 e-con-full e-flex e-con e-child\" data-id=\"8762d28\" data-element_type=\"container\">\n\t\t\t\t<div class=\"elementor-element elementor-element-2d85cce animated-slow elementor-invisible elementor-widget elementor-widget-image\" data-id=\"2d85cce\" data-element_type=\"widget\" data-settings=\"{&quot;_animation&quot;:&quot;zoomIn&quot;,&quot;_animation_delay&quot;:200}\" data-widget_type=\"image.default\">\n\t\t\t\t<div class=\"elementor-widget-container\">\n\t\t\t\t\t\t\t\t\t\t\t\t\t\t\t<img fetchpriority=\"high\" decoding=\"async\" width=\"800\" height=\"641\" src=\"https:\/\/wir-kaufen-dein-auto-schweiz.ch\/wp-content\/\/uploads\/2025\/01\/Autoankauf-Skoda-blau-mit-Logo-Swiss-Map-wir-kaufen-dein-Auto-Schweiz-1024x820-1.jpg\" class=\"attachment-large size-large wp-image-4206\" alt=\"Autoankauf ganze Schweiz Skoda blau\" srcset=\"https:\/\/wir-kaufen-dein-auto-schweiz.ch\/wp-content\/\/uploads\/2025\/01\/Autoankauf-Skoda-blau-mit-Logo-Swiss-Map-wir-kaufen-dein-Auto-Schweiz-1024x820-1.jpg 1024w, https:\/\/wir-kaufen-dein-auto-schweiz.ch\/wp-content\/\/uploads\/2025\/01\/Autoankauf-Skoda-blau-mit-Logo-Swiss-Map-wir-kaufen-dein-Auto-Schweiz-1024x820-1-300x240.jpg 300w, https:\/\/wir-kaufen-dein-auto-schweiz.ch\/wp-content\/\/uploads\/2025\/01\/Autoankauf-Skoda-blau-mit-Logo-Swiss-Map-wir-kaufen-dein-Auto-Schweiz-1024x820-1-768x615.jpg 768w\" sizes=\"(max-width: 800px) 100vw, 800px\" \/>\t\t\t\t\t\t\t\t\t\t\t\t\t\t\t<\/div>\n\t\t\t\t<\/div>\n\t\t\t\t<\/div>\n\t\t<div class=\"elementor-element elementor-element-e8120d2 e-con-full e-flex e-con e-child\" data-id=\"e8120d2\" data-element_type=\"container\">\n\t\t\t\t<div class=\"elementor-element elementor-element-4d273c7 elementor-widget elementor-widget-heading\" data-id=\"4d273c7\" data-element_type=\"widget\" data-widget_type=\"heading.default\">\n\t\t\t\t<div class=\"elementor-widget-container\">\n\t\t\t\t\t<h3 class=\"elementor-heading-title elementor-size-default\">Nous achetons votre voiture \u2013 dans toute la Suisse<\/h3>\t\t\t\t<\/div>\n\t\t\t\t<\/div>\n\t\t\t\t<div class=\"elementor-element elementor-element-b96d1b0 elementor-widget elementor-widget-text-editor\" data-id=\"b96d1b0\" data-element_type=\"widget\" data-widget_type=\"text-editor.default\">\n\t\t\t\t<div class=\"elementor-widget-container translation-block\">Depuis 1994, nous sommes votre partenaire fiable pour l'achat de voitures dans toute la Suisse. Nous offrons aux vendeurs priv\u00e9s une solution rapide, simple et \u00e9quitable pour vendre leur v\u00e9hicule sans stress. Qu'il s'agisse d'essence, de diesel ou d'hybride, gr\u00e2ce \u00e0 notre longue exp\u00e9rience, nous avons d\u00e9j\u00e0 achet\u00e9 avec succ\u00e8s d'innombrables voitures d'occasion et gagn\u00e9 de nombreux clients satisfaits dans tous les cantons de la Romandie.<\/div>\n\t\t\t\t<\/div>\n\t\t\t\t<div class=\"elementor-element elementor-element-ab258ac elementor-widget elementor-widget-text-editor\" data-id=\"ab258ac\" data-element_type=\"widget\" data-widget_type=\"text-editor.default\">\n\t\t\t\t<div class=\"elementor-widget-container translation-block\">L'objectif de notre entreprise est d'am\u00e9liorer continuellement nos services et de simplifier au maximum le commerce automobile. En tant qu'entreprise de commerce \u00e9lectronique en pleine croissance, nous sommes \u00e0 la disposition des particuliers, des concessionnaires automobiles et des revendeurs de voitures d'occasion avec ouverture d'esprit et flexibilit\u00e9. Faites confiance \u00e0 notre longue exp\u00e9rience et b\u00e9n\u00e9ficiez d'un processus de vente optimis\u00e9 et orient\u00e9 vers le client. Avec nous, vous vendez votre v\u00e9hicule de mani\u00e8re efficace, \u00e9quitable et sans d\u00e9tours.<\/div>\n\t\t\t\t<\/div>\n\t\t\t\t<div class=\"elementor-element elementor-element-e958c8e elementor-widget elementor-widget-text-editor\" data-id=\"e958c8e\" data-element_type=\"widget\" data-widget_type=\"text-editor.default\">\n\t\t\t\t<div class=\"elementor-widget-container\">\n\t\t\t\t\t\t\t\t\t<p>N'h\u00e9sitez pas \u00e0 nous t\u00e9l\u00e9phoner d\u00e8s maintenant pour obtenir une offre sans engagement, conforme aux conditions du march\u00e9. Nous sommes \u00e9galement \u00e0 votre disposition pour vous conseiller et vous donner de pr\u00e9cieux conseils sur la vente de voitures d'occasion.<\/p>\t\t\t\t\t\t\t\t<\/div>\n\t\t\t\t<\/div>\n\t\t\t\t<div class=\"elementor-element elementor-element-f5235fa elementor-align-left elementor-widget elementor-widget-button\" data-id=\"f5235fa\" data-element_type=\"widget\" data-widget_type=\"button.default\">\n\t\t\t\t<div class=\"elementor-widget-container\">\n\t\t\t\t\t\t\t\t\t<div class=\"elementor-button-wrapper\">\n\t\t\t\t\t<a class=\"elementor-button elementor-button-link elementor-size-sm\" href=\"tel:+41794373842\">\n\t\t\t\t\t\t<span class=\"elementor-button-content-wrapper\">\n\t\t\t\t\t\t<span class=\"elementor-button-icon\">\n\t\t\t\t<svg aria-hidden=\"true\" class=\"e-font-icon-svg e-fas-phone-square-alt\" viewbox=\"0 0 448 512\" xmlns=\"http:\/\/www.w3.org\/2000\/svg\"><path d=\"M400 32H48A48 48 0 0 0 0 80v352a48 48 0 0 0 48 48h352a48 48 0 0 0 48-48V80a48 48 0 0 0-48-48zm-16.39 307.37l-15 65A15 15 0 0 1 354 416C194 416 64 286.29 64 126a15.7 15.7 0 0 1 11.63-14.61l65-15A18.23 18.23 0 0 1 144 96a16.27 16.27 0 0 1 13.79 9.09l30 70A17.9 17.9 0 0 1 189 181a17 17 0 0 1-5.5 11.61l-37.89 31a231.91 231.91 0 0 0 110.78 110.78l31-37.89A17 17 0 0 1 299 291a17.85 17.85 0 0 1 5.91 1.21l70 30A16.25 16.25 0 0 1 384 336a17.41 17.41 0 0 1-.39 3.37z\"><\/path><\/svg>\t\t\t<\/span>\n\t\t\t\t\t\t\t\t\t<span class=\"elementor-button-text\">T\u00e9l\u00e9phone:  079 437 38 42<\/span>\n\t\t\t\t\t<\/span>\n\t\t\t\t\t<\/a>\n\t\t\t\t<\/div>\n\t\t\t\t\t\t\t\t<\/div>\n\t\t\t\t<\/div>\n\t\t\t\t<\/div>\n\t\t\t\t\t<\/div>\n\t\t\t\t<\/div>\n\t\t<div class=\"elementor-element elementor-element-5fa1598 e-flex e-con-boxed e-con e-parent\" data-id=\"5fa1598\" data-element_type=\"container\" data-settings=\"{&quot;background_background&quot;:&quot;classic&quot;}\">\n\t\t\t\t\t<div class=\"e-con-inner\">\n\t\t<div class=\"elementor-element elementor-element-1ab6e75 e-con-full e-flex e-con e-child\" data-id=\"1ab6e75\" data-element_type=\"container\">\n\t\t\t\t<div class=\"elementor-element elementor-element-c4b3c0b elementor-widget elementor-widget-heading\" data-id=\"c4b3c0b\" data-element_type=\"widget\" data-widget_type=\"heading.default\">\n\t\t\t\t<div class=\"elementor-widget-container\">\n\t\t\t\t\t<h3 class=\"elementor-heading-title elementor-size-default\">Vendre facilement et simplement des voitures d'occasion en ligne<\/h3>\t\t\t\t<\/div>\n\t\t\t\t<\/div>\n\t\t\t\t<div class=\"elementor-element elementor-element-7ae7ffa elementor-widget elementor-widget-text-editor\" data-id=\"7ae7ffa\" data-element_type=\"widget\" data-widget_type=\"text-editor.default\">\n\t\t\t\t<div class=\"elementor-widget-container\">\n\t\t\t\t\t\t\t\t\t<p>Nos experts sont \u00e0 votre disposition du lundi au vendredi pour vous aider \u00e0 vendre votre v\u00e9hicule rapidement, en toute s\u00e9curit\u00e9 et en toute simplicit\u00e9. Chez nous, l'achat de v\u00e9hicules se fait rapidement et facilement : vous recevez imm\u00e9diatement le prix d'achat convenu et nous sommes heureux de reprendre votre voiture d'occasion.<\/p>\t\t\t\t\t\t\t\t<\/div>\n\t\t\t\t<\/div>\n\t\t\t\t<div class=\"elementor-element elementor-element-53d7478 elementor-widget elementor-widget-spacer\" data-id=\"53d7478\" data-element_type=\"widget\" data-widget_type=\"spacer.default\">\n\t\t\t\t<div class=\"elementor-widget-container\">\n\t\t\t\t\t\t\t<div class=\"elementor-spacer\">\n\t\t\t<div class=\"elementor-spacer-inner\"><\/div>\n\t\t<\/div>\n\t\t\t\t\t\t<\/div>\n\t\t\t\t<\/div>\n\t\t\t\t<\/div>\n\t\t<div class=\"elementor-element elementor-element-09119db e-con-full e-flex e-con e-child\" data-id=\"09119db\" data-element_type=\"container\">\n\t\t<div class=\"elementor-element elementor-element-6a00d4b e-grid e-con-full e-con e-child\" data-id=\"6a00d4b\" data-element_type=\"container\">\n\t\t<div class=\"elementor-element elementor-element-7fbf94a e-con-full e-flex e-con e-child\" data-id=\"7fbf94a\" data-element_type=\"container\">\n\t\t\t\t<div class=\"elementor-element elementor-element-bc4c918 elementor-widget elementor-widget-heading\" data-id=\"bc4c918\" data-element_type=\"widget\" data-widget_type=\"heading.default\">\n\t\t\t\t<div class=\"elementor-widget-container\">\n\t\t\t\t\t<h4 class=\"elementor-heading-title elementor-size-default\">Vendre facilement, simplement et directement<\/h4>\t\t\t\t<\/div>\n\t\t\t\t<\/div>\n\t\t\t\t<div class=\"elementor-element elementor-element-8b56d9b elementor-widget elementor-widget-text-editor\" data-id=\"8b56d9b\" data-element_type=\"widget\" data-widget_type=\"text-editor.default\">\n\t\t\t\t<div class=\"elementor-widget-container\">\n\t\t\t\t\t\t\t\t\t<p class=\"translation-block\">Notre entreprise est votre portail en ligne pour vendre facilement et sans stress votre voiture d'occasion, \u00e0 un prix \u00e9quitable et sans perte de valeur. Nous achetons toutes les voitures, quelles que soient leur marque, leur mod\u00e8le ou leur \u00e9tat, m\u00eame les v\u00e9hicules accident\u00e9s ou ceux qui n'ont pas pass\u00e9 le contr\u00f4le technique. Nos experts en voitures particuli\u00e8res veillent \u00e0 ce que la transaction se d\u00e9roule sans encombre, tandis que vous restez anonyme en tant que vendeur. Toutes les offres sont sans engagement et vous d\u00e9cidez vous-m\u00eame si vous souhaitez vendre au prix actuel du march\u00e9, sans avoir \u00e0 passer d'annonces ou \u00e0 contacter des concessionnaires.<\/p>\t\t\t\t\t\t\t\t<\/div>\n\t\t\t\t<\/div>\n\t\t\t\t<\/div>\n\t\t<div class=\"elementor-element elementor-element-0f24ed7 e-con-full e-flex e-con e-child\" data-id=\"0f24ed7\" data-element_type=\"container\">\n\t\t\t\t<div class=\"elementor-element elementor-element-64c2412 elementor-widget elementor-widget-heading\" data-id=\"64c2412\" data-element_type=\"widget\" data-widget_type=\"heading.default\">\n\t\t\t\t<div class=\"elementor-widget-container\">\n\t\t\t\t\t<h4 class=\"elementor-heading-title elementor-size-default\">Votre partenaire pour la vente de voitures<\/h4>\t\t\t\t<\/div>\n\t\t\t\t<\/div>\n\t\t\t\t<div class=\"elementor-element elementor-element-91e1f63 elementor-widget elementor-widget-text-editor\" data-id=\"91e1f63\" data-element_type=\"widget\" data-widget_type=\"text-editor.default\">\n\t\t\t\t<div class=\"elementor-widget-container\">\n\t\t\t\t\t\t\t\t\t<p class=\"translation-block\">Notre entreprise est votre partenaire fiable pour l'achat de voitures depuis 1994. Gr\u00e2ce \u00e0 notre r\u00e9seau couvrant toute la Suisse, nous vous permettons de vendre votre v\u00e9hicule rapidement, facilement et \u00e0 un prix \u00e9quitable, tout pr\u00e8s de chez vous. Gagnez du temps et \u00e9conomisez vos efforts gr\u00e2ce \u00e0 notre \u00e9valuation gratuite de votre v\u00e9hicule et \u00e0 un processus de vente sans encombre, m\u00eame sans essai routier pour les v\u00e9hicules d\u00e9simmatricul\u00e9s. Qu'il s'agisse d'une voiture, d'une camionnette ou d'une voiture ancienne, nous vous faisons une offre attractive au meilleur prix. Contactez-nous d\u00e8s maintenant.<\/p>\t\t\t\t\t\t\t\t<\/div>\n\t\t\t\t<\/div>\n\t\t\t\t<\/div>\n\t\t<div class=\"elementor-element elementor-element-bdc57d0 e-con-full e-flex e-con e-child\" data-id=\"bdc57d0\" data-element_type=\"container\">\n\t\t\t\t<div class=\"elementor-element elementor-element-0446dd6 elementor-widget elementor-widget-heading\" data-id=\"0446dd6\" data-element_type=\"widget\" data-widget_type=\"heading.default\">\n\t\t\t\t<div class=\"elementor-widget-container\">\n\t\t\t\t\t<h4 class=\"elementor-heading-title elementor-size-default\">Achat de voitures dans toute la Suisse<\/h4>\t\t\t\t<\/div>\n\t\t\t\t<\/div>\n\t\t\t\t<div class=\"elementor-element elementor-element-cc78e08 elementor-widget elementor-widget-text-editor\" data-id=\"cc78e08\" data-element_type=\"widget\" data-widget_type=\"text-editor.default\">\n\t\t\t\t<div class=\"elementor-widget-container\">\n\t\t\t\t\t\t\t\t\t<p>Depuis plus de 30 ans, nous sommes sp\u00e9cialis\u00e9s dans l'achat de voitures d'occasion et garantissons exp\u00e9rience, fiabilit\u00e9 et des offres \u00e9quitables dans tous les cantons suisses. Vendez votre ancienne voiture rapidement, en toute s\u00e9curit\u00e9 et au meilleur prix dans toute la Suisse, sans effort et pr\u00e8s de chez vous.\ud83d\ude97\ud83d\udca8<\/p>\t\t\t\t\t\t\t\t<\/div>\n\t\t\t\t<\/div>\n\t\t\t\t<div class=\"elementor-element elementor-element-74a04f5 elementor-widget elementor-widget-n-accordion\" data-id=\"74a04f5\" data-element_type=\"widget\" data-settings=\"{&quot;default_state&quot;:&quot;all_collapsed&quot;,&quot;max_items_expended&quot;:&quot;one&quot;,&quot;n_accordion_animation_duration&quot;:{&quot;unit&quot;:&quot;ms&quot;,&quot;size&quot;:400,&quot;sizes&quot;:[]}}\" data-widget_type=\"nested-accordion.default\">\n\t\t\t\t<div class=\"elementor-widget-container\">\n\t\t\t\t\t\t\t<div class=\"e-n-accordion\" aria-label=\"Accordion. Open links with Enter or Space, close with Escape, and navigate with Arrow Keys\">\n\t\t\t\t\t\t<details id=\"e-n-accordion-item-1220\" class=\"e-n-accordion-item\" >\n\t\t\t\t<summary class=\"e-n-accordion-item-title\" data-accordion-index=\"1\" tabindex=\"0\" aria-expanded=\"false\" aria-controls=\"e-n-accordion-item-1220\" >\n\t\t\t\t\t<span class='e-n-accordion-item-title-header'><div class=\"e-n-accordion-item-title-text\"> Rachat de v\u00e9hicules dans tous les cantons: <\/div><\/span>\n\t\t\t\t\t\t\t<span class='e-n-accordion-item-title-icon'>\n\t\t\t<span class='e-opened' ><svg aria-hidden=\"true\" class=\"e-font-icon-svg e-fas-minus\" viewbox=\"0 0 448 512\" xmlns=\"http:\/\/www.w3.org\/2000\/svg\"><path d=\"M416 208H32c-17.67 0-32 14.33-32 32v32c0 17.67 14.33 32 32 32h384c17.67 0 32-14.33 32-32v-32c0-17.67-14.33-32-32-32z\"><\/path><\/svg><\/span>\n\t\t\t<span class='e-closed'><svg aria-hidden=\"true\" class=\"e-font-icon-svg e-fas-plus\" viewbox=\"0 0 448 512\" xmlns=\"http:\/\/www.w3.org\/2000\/svg\"><path d=\"M416 208H272V64c0-17.67-14.33-32-32-32h-32c-17.67 0-32 14.33-32 32v144H32c-17.67 0-32 14.33-32 32v32c0 17.67 14.33 32 32 32h144v144c0 17.67 14.33 32 32 32h32c17.67 0 32-14.33 32-32V304h144c17.67 0 32-14.33 32-32v-32c0-17.67-14.33-32-32-32z\"><\/path><\/svg><\/span>\n\t\t<\/span>\n\n\t\t\t\t\t\t<\/summary>\n\t\t\t\t<div role=\"region\" aria-labelledby=\"e-n-accordion-item-1220\" class=\"elementor-element elementor-element-079b35b e-con-full e-flex e-con e-child\" data-id=\"079b35b\" data-element_type=\"container\">\n\t\t\t\t<div class=\"elementor-element elementor-element-972fa47 elementor-widget elementor-widget-html\" data-id=\"972fa47\" data-element_type=\"widget\" data-widget_type=\"html.default\">\n\t\t\t\t<div class=\"elementor-widget-container\">\n\t\t\t\t\t<ul>\n<li>Autoankauf Kanton Aargau<\/li>\n<li>Autoankauf Kanton Appenzell Ausserrhoden<\/li>\n<li>Autoankauf Kanton Appenzell Innerrhoden<\/li>\n<li>Autoankauf Kanton Basel-Landschaft<\/li>\n<li>Autoankauf Kanton Basel-Stadt<\/li>\n<li>Autoankauf Kanton Bern<\/li>\n<li>Achat de voitures, canton de Fribourg<\/li>\n<li>Achat de voitures, canton de Gen\u00e8ve<\/li>\n<li>Autoankauf Kanton Glarus<\/li>\n<li>Autoankauf Kanton Graub\u00fcnden<\/li>\n<li>Achat de voitures, canton du Jura<\/li>\n<li>Autoankauf Kanton Luzern<\/li>\n<li>Achat de voitures, canton de Neuch\u00e2tel<\/li>\n<li>Autoankauf Kanton Nidwalden<\/li>\n<li>Autoankauf Kanton Obwalden<\/li>\n<li>Autoankauf Kanton Schaffhausen<\/li>\n<li>Autoankauf Kanton Schwyz<\/li>\n<li>Autoankauf Kanton Solothurn<\/li>\n<li>Autoankauf Kanton St. Gallen<\/li>\n<li>Autoankauf Kanton Tessin<\/li>\n<li>Autoankauf Kanton Thurgau<\/li>\n<li>Autoankauf Kanton Uri<\/li>\n<li>Achat de voitures, canton de Vaud<\/li>\n<li>Achat de voitures, canton du Valais<\/li>\n<li>Autoankauf Kanton Zug<\/li>\n<li>Autoankauf Kanton Z\u00fcrich<\/li>\n<\/ul>\t\t\t\t<\/div>\n\t\t\t\t<\/div>\n\t\t\t\t<\/div>\n\t\t\t\t\t<\/details>\n\t\t\t\t\t<\/div>\n\t\t\t\t\t\t<\/div>\n\t\t\t\t<\/div>\n\t\t\t\t<\/div>\n\t\t\t\t<\/div>\n\t\t\t\t<\/div>\n\t\t\t\t\t<\/div>\n\t\t\t\t<\/div>\n\t\t<div class=\"elementor-element elementor-element-28ea5b0 e-flex e-con-boxed e-con e-parent\" data-id=\"28ea5b0\" data-element_type=\"container\">\n\t\t\t\t\t<div class=\"e-con-inner\">\n\t\t<div class=\"elementor-element elementor-element-9bd24d8 e-con-full e-flex e-con e-child\" data-id=\"9bd24d8\" data-element_type=\"container\">\n\t\t\t\t<div class=\"elementor-element elementor-element-fa54dfb elementor-widget elementor-widget-heading\" data-id=\"fa54dfb\" data-element_type=\"widget\" data-widget_type=\"heading.default\">\n\t\t\t\t<div class=\"elementor-widget-container\">\n\t\t\t\t\t<h3 class=\"elementor-heading-title elementor-size-default\">Rachat de voitures dans tous les cantons Suisses<\/h3>\t\t\t\t<\/div>\n\t\t\t\t<\/div>\n\t\t\t\t<div class=\"elementor-element elementor-element-a432e34 elementor-widget elementor-widget-text-editor\" data-id=\"a432e34\" data-element_type=\"widget\" data-widget_type=\"text-editor.default\">\n\t\t\t\t<div class=\"elementor-widget-container\">\n\t\t\t\t\t\t\t\t\t<p>Quel que soit le canton dans lequel vous habitez, nous vous proposons un prix \u00e9quitable pour votre vieille voiture et venons la chercher directement chez vous dans les 24 heures en Romandie et dans toute la Suisse.<\/p>\t\t\t\t\t\t\t\t<\/div>\n\t\t\t\t<\/div>\n\t\t\t\t<div class=\"elementor-element elementor-element-857021c elementor-widget elementor-widget-spacer\" data-id=\"857021c\" data-element_type=\"widget\" data-widget_type=\"spacer.default\">\n\t\t\t\t<div class=\"elementor-widget-container\">\n\t\t\t\t\t\t\t<div class=\"elementor-spacer\">\n\t\t\t<div class=\"elementor-spacer-inner\"><\/div>\n\t\t<\/div>\n\t\t\t\t\t\t<\/div>\n\t\t\t\t<\/div>\n\t\t\t\t<\/div>\n\t\t<div class=\"elementor-element elementor-element-4f7ba91 e-con-full e-flex e-con e-child\" data-id=\"4f7ba91\" data-element_type=\"container\">\n\t\t<div class=\"elementor-element elementor-element-e49336d e-grid e-con-full e-con e-child\" data-id=\"e49336d\" data-element_type=\"container\">\n\t\t\t\t<div class=\"elementor-element elementor-element-12c1e05 elementor-widget elementor-widget-image\" data-id=\"12c1e05\" data-element_type=\"widget\" data-widget_type=\"image.default\">\n\t\t\t\t<div class=\"elementor-widget-container\">\n\t\t\t\t\t\t\t\t\t\t\t\t\t\t\t<img decoding=\"async\" width=\"480\" height=\"480\" src=\"https:\/\/wir-kaufen-dein-auto-schweiz.ch\/wp-content\/\/uploads\/2025\/01\/kantonswappen_Zuerich_512x512-480x480-1.gif\" class=\"attachment-full size-full wp-image-4185\" alt=\"Kanton Z\u00fcrich Autoankauf\" \/>\t\t\t\t\t\t\t\t\t\t\t\t\t\t\t<\/div>\n\t\t\t\t<\/div>\n\t\t\t\t<div class=\"elementor-element elementor-element-a58ca56 elementor-widget elementor-widget-image\" data-id=\"a58ca56\" data-element_type=\"widget\" data-widget_type=\"image.default\">\n\t\t\t\t<div class=\"elementor-widget-container\">\n\t\t\t\t\t\t\t\t\t\t\t\t\t\t\t<img decoding=\"async\" width=\"480\" height=\"480\" src=\"https:\/\/wir-kaufen-dein-auto-schweiz.ch\/wp-content\/\/uploads\/2025\/01\/kantonswappen_bern-480x480-1.gif\" class=\"attachment-large size-large wp-image-4167\" alt=\"Kanton Aargau Autoankauf\" \/>\t\t\t\t\t\t\t\t\t\t\t\t\t\t\t<\/div>\n\t\t\t\t<\/div>\n\t\t\t\t<div class=\"elementor-element elementor-element-36cd73b elementor-widget elementor-widget-image\" data-id=\"36cd73b\" data-element_type=\"widget\" data-widget_type=\"image.default\">\n\t\t\t\t<div class=\"elementor-widget-container\">\n\t\t\t\t\t\t\t\t\t\t\t\t\t\t\t<img loading=\"lazy\" decoding=\"async\" width=\"480\" height=\"480\" src=\"https:\/\/wir-kaufen-dein-auto-schweiz.ch\/wp-content\/\/uploads\/2025\/01\/kantonswappen_Aargau_512x512-480x480-1.gif\" class=\"attachment-large size-large wp-image-4162\" alt=\"\" \/>\t\t\t\t\t\t\t\t\t\t\t\t\t\t\t<\/div>\n\t\t\t\t<\/div>\n\t\t\t\t<div class=\"elementor-element elementor-element-79613f8 elementor-widget elementor-widget-image\" data-id=\"79613f8\" data-element_type=\"widget\" data-widget_type=\"image.default\">\n\t\t\t\t<div class=\"elementor-widget-container\">\n\t\t\t\t\t\t\t\t\t\t\t\t\t\t\t<img loading=\"lazy\" decoding=\"async\" width=\"480\" height=\"480\" src=\"https:\/\/wir-kaufen-dein-auto-schweiz.ch\/wp-content\/\/uploads\/2025\/01\/kantonswappen_Basel_Stadt-480x480-1.gif\" class=\"attachment-large size-large wp-image-4166\" alt=\"Kanton Basel Stadt Autoankauf\" \/>\t\t\t\t\t\t\t\t\t\t\t\t\t\t\t<\/div>\n\t\t\t\t<\/div>\n\t\t\t\t<div class=\"elementor-element elementor-element-ab8d0a4 elementor-widget elementor-widget-image\" data-id=\"ab8d0a4\" data-element_type=\"widget\" data-widget_type=\"image.default\">\n\t\t\t\t<div class=\"elementor-widget-container\">\n\t\t\t\t\t\t\t\t\t\t\t\t\t\t\t<img loading=\"lazy\" decoding=\"async\" width=\"480\" height=\"480\" src=\"https:\/\/wir-kaufen-dein-auto-schweiz.ch\/wp-content\/\/uploads\/2025\/01\/kantonswappen_Basel_Land-480x480-1.gif\" class=\"attachment-large size-large wp-image-4165\" alt=\"Kanton Basel Landschaft Autoankauf\" \/>\t\t\t\t\t\t\t\t\t\t\t\t\t\t\t<\/div>\n\t\t\t\t<\/div>\n\t\t\t\t<div class=\"elementor-element elementor-element-0800ae5 elementor-widget elementor-widget-image\" data-id=\"0800ae5\" data-element_type=\"widget\" data-widget_type=\"image.default\">\n\t\t\t\t<div class=\"elementor-widget-container\">\n\t\t\t\t\t\t\t\t\t\t\t\t\t\t\t<img loading=\"lazy\" decoding=\"async\" width=\"480\" height=\"480\" src=\"https:\/\/wir-kaufen-dein-auto-schweiz.ch\/wp-content\/\/uploads\/2025\/01\/kantonswappen_Graubuenden-480x480-1.gif\" class=\"attachment-large size-large wp-image-4171\" alt=\"Kanton Graub\u00fcnden Autoankauf\" \/>\t\t\t\t\t\t\t\t\t\t\t\t\t\t\t<\/div>\n\t\t\t\t<\/div>\n\t\t\t\t<div class=\"elementor-element elementor-element-bd2ca18 elementor-widget elementor-widget-image\" data-id=\"bd2ca18\" data-element_type=\"widget\" data-widget_type=\"image.default\">\n\t\t\t\t<div class=\"elementor-widget-container\">\n\t\t\t\t\t\t\t\t\t\t\t\t\t\t\t<img loading=\"lazy\" decoding=\"async\" width=\"480\" height=\"480\" src=\"https:\/\/wir-kaufen-dein-auto-schweiz.ch\/wp-content\/\/uploads\/2025\/01\/kantonswappen_st-gallen-480x480-1.gif\" class=\"attachment-large size-large wp-image-4180\" alt=\"Kanton St. Gallen Autoankauf\" \/>\t\t\t\t\t\t\t\t\t\t\t\t\t\t\t<\/div>\n\t\t\t\t<\/div>\n\t\t\t\t<div class=\"elementor-element elementor-element-4ce58d6 elementor-widget elementor-widget-image\" data-id=\"4ce58d6\" data-element_type=\"widget\" data-widget_type=\"image.default\">\n\t\t\t\t<div class=\"elementor-widget-container\">\n\t\t\t\t\t\t\t\t\t\t\t\t\t\t\t<img loading=\"lazy\" decoding=\"async\" width=\"480\" height=\"480\" src=\"https:\/\/wir-kaufen-dein-auto-schweiz.ch\/wp-content\/\/uploads\/2025\/01\/kantonswappen_Luzern-480x480-1.gif\" class=\"attachment-large size-large wp-image-4173\" alt=\"Kanton Luzern Autoankauf\" \/>\t\t\t\t\t\t\t\t\t\t\t\t\t\t\t<\/div>\n\t\t\t\t<\/div>\n\t\t\t\t<div class=\"elementor-element elementor-element-1d70669 elementor-widget elementor-widget-image\" data-id=\"1d70669\" data-element_type=\"widget\" data-widget_type=\"image.default\">\n\t\t\t\t<div class=\"elementor-widget-container\">\n\t\t\t\t\t\t\t\t\t\t\t\t\t\t\t<img loading=\"lazy\" decoding=\"async\" width=\"480\" height=\"480\" src=\"https:\/\/wir-kaufen-dein-auto-schweiz.ch\/wp-content\/\/uploads\/2025\/01\/kantonswappen_Schwyz-480x480-1.gif\" class=\"attachment-large size-large wp-image-4178\" alt=\"Kanton Schwyz Autoankauf\" \/>\t\t\t\t\t\t\t\t\t\t\t\t\t\t\t<\/div>\n\t\t\t\t<\/div>\n\t\t\t\t<div class=\"elementor-element elementor-element-2732445 elementor-widget elementor-widget-image\" data-id=\"2732445\" data-element_type=\"widget\" data-widget_type=\"image.default\">\n\t\t\t\t<div class=\"elementor-widget-container\">\n\t\t\t\t\t\t\t\t\t\t\t\t\t\t\t<img loading=\"lazy\" decoding=\"async\" width=\"480\" height=\"480\" src=\"https:\/\/wir-kaufen-dein-auto-schweiz.ch\/wp-content\/\/uploads\/2025\/01\/kantonswappen_Zug-480x480-1.gif\" class=\"attachment-large size-large wp-image-4186\" alt=\"Kanton Zug Autoankauf\" \/>\t\t\t\t\t\t\t\t\t\t\t\t\t\t\t<\/div>\n\t\t\t\t<\/div>\n\t\t\t\t<div class=\"elementor-element elementor-element-62d1238 elementor-widget elementor-widget-image\" data-id=\"62d1238\" data-element_type=\"widget\" data-widget_type=\"image.default\">\n\t\t\t\t<div class=\"elementor-widget-container\">\n\t\t\t\t\t\t\t\t\t\t\t\t\t\t\t<img loading=\"lazy\" decoding=\"async\" width=\"480\" height=\"480\" src=\"https:\/\/wir-kaufen-dein-auto-schweiz.ch\/wp-content\/\/uploads\/2025\/01\/kantonswappen_Wallis_Valais-480x480-1.gif\" class=\"attachment-large size-large wp-image-4184\" alt=\"Kanton Wallis Autoankauf\" \/>\t\t\t\t\t\t\t\t\t\t\t\t\t\t\t<\/div>\n\t\t\t\t<\/div>\n\t\t\t\t<div class=\"elementor-element elementor-element-f08599c elementor-widget elementor-widget-image\" data-id=\"f08599c\" data-element_type=\"widget\" data-widget_type=\"image.default\">\n\t\t\t\t<div class=\"elementor-widget-container\">\n\t\t\t\t\t\t\t\t\t\t\t\t\t\t\t<img loading=\"lazy\" decoding=\"async\" width=\"480\" height=\"480\" src=\"https:\/\/wir-kaufen-dein-auto-schweiz.ch\/wp-content\/\/uploads\/2025\/01\/kantonswappen_Thurgau-480x480-1.gif\" class=\"attachment-large size-large wp-image-4182\" alt=\"Kanton Thurgau Autoankauf\" \/>\t\t\t\t\t\t\t\t\t\t\t\t\t\t\t<\/div>\n\t\t\t\t<\/div>\n\t\t\t\t<div class=\"elementor-element elementor-element-573a816 elementor-widget elementor-widget-image\" data-id=\"573a816\" data-element_type=\"widget\" data-widget_type=\"image.default\">\n\t\t\t\t<div class=\"elementor-widget-container\">\n\t\t\t\t\t\t\t\t\t\t\t\t\t\t\t<img loading=\"lazy\" decoding=\"async\" width=\"480\" height=\"480\" src=\"https:\/\/wir-kaufen-dein-auto-schweiz.ch\/wp-content\/\/uploads\/2025\/01\/kantonswappen_schaffhausen-480x480-1.gif\" class=\"attachment-large size-large wp-image-4177\" alt=\"Kanton Schaffhausen Autoankauf\" \/>\t\t\t\t\t\t\t\t\t\t\t\t\t\t\t<\/div>\n\t\t\t\t<\/div>\n\t\t\t\t<div class=\"elementor-element elementor-element-7a7f53f elementor-widget elementor-widget-image\" data-id=\"7a7f53f\" data-element_type=\"widget\" data-widget_type=\"image.default\">\n\t\t\t\t<div class=\"elementor-widget-container\">\n\t\t\t\t\t\t\t\t\t\t\t\t\t\t\t<img loading=\"lazy\" decoding=\"async\" width=\"480\" height=\"480\" src=\"https:\/\/wir-kaufen-dein-auto-schweiz.ch\/wp-content\/\/uploads\/2025\/01\/kantonswappen_Uri-480x480-1.gif\" class=\"attachment-large size-large wp-image-4193\" alt=\"Kanton Uri Autoankauf\" \/>\t\t\t\t\t\t\t\t\t\t\t\t\t\t\t<\/div>\n\t\t\t\t<\/div>\n\t\t\t\t<div class=\"elementor-element elementor-element-e8f1edf elementor-widget elementor-widget-image\" data-id=\"e8f1edf\" data-element_type=\"widget\" data-widget_type=\"image.default\">\n\t\t\t\t<div class=\"elementor-widget-container\">\n\t\t\t\t\t\t\t\t\t\t\t\t\t\t\t<img loading=\"lazy\" decoding=\"async\" width=\"480\" height=\"480\" src=\"https:\/\/wir-kaufen-dein-auto-schweiz.ch\/wp-content\/\/uploads\/2025\/01\/kantonswappen_Glarus-480x480-1.gif\" class=\"attachment-large size-large wp-image-4170\" alt=\"Kanton Glarus Autoankauf\" \/>\t\t\t\t\t\t\t\t\t\t\t\t\t\t\t<\/div>\n\t\t\t\t<\/div>\n\t\t\t\t<div class=\"elementor-element elementor-element-8f6988d elementor-widget elementor-widget-image\" data-id=\"8f6988d\" data-element_type=\"widget\" data-widget_type=\"image.default\">\n\t\t\t\t<div class=\"elementor-widget-container\">\n\t\t\t\t\t\t\t\t\t\t\t\t\t\t\t<img loading=\"lazy\" decoding=\"async\" width=\"480\" height=\"480\" src=\"https:\/\/wir-kaufen-dein-auto-schweiz.ch\/wp-content\/\/uploads\/2025\/01\/kantonswappen_solothurn-480x480-1.gif\" class=\"attachment-large size-large wp-image-4179\" alt=\"Kanton Solothurn Autoankauf\" \/>\t\t\t\t\t\t\t\t\t\t\t\t\t\t\t<\/div>\n\t\t\t\t<\/div>\n\t\t\t\t<div class=\"elementor-element elementor-element-12050ab elementor-widget elementor-widget-image\" data-id=\"12050ab\" data-element_type=\"widget\" data-widget_type=\"image.default\">\n\t\t\t\t<div class=\"elementor-widget-container\">\n\t\t\t\t\t\t\t\t\t\t\t\t\t\t\t<img loading=\"lazy\" decoding=\"async\" width=\"480\" height=\"480\" src=\"https:\/\/wir-kaufen-dein-auto-schweiz.ch\/wp-content\/\/uploads\/2025\/01\/kantonswappen_Obwalden-480x480-1.gif\" class=\"attachment-large size-large wp-image-4176\" alt=\"Kanton Obwalden Autoankauf\" \/>\t\t\t\t\t\t\t\t\t\t\t\t\t\t\t<\/div>\n\t\t\t\t<\/div>\n\t\t\t\t<div class=\"elementor-element elementor-element-7bd6a15 elementor-widget elementor-widget-image\" data-id=\"7bd6a15\" data-element_type=\"widget\" data-widget_type=\"image.default\">\n\t\t\t\t<div class=\"elementor-widget-container\">\n\t\t\t\t\t\t\t\t\t\t\t\t\t\t\t<img loading=\"lazy\" decoding=\"async\" width=\"480\" height=\"480\" src=\"https:\/\/wir-kaufen-dein-auto-schweiz.ch\/wp-content\/\/uploads\/2025\/01\/kantonswappen_Nidwalden-480x480-1.gif\" class=\"attachment-large size-large wp-image-4175\" alt=\"Kanton Nidwalden Autoankauf\" \/>\t\t\t\t\t\t\t\t\t\t\t\t\t\t\t<\/div>\n\t\t\t\t<\/div>\n\t\t\t\t<div class=\"elementor-element elementor-element-b5d5056 elementor-widget elementor-widget-image\" data-id=\"b5d5056\" data-element_type=\"widget\" data-widget_type=\"image.default\">\n\t\t\t\t<div class=\"elementor-widget-container\">\n\t\t\t\t\t\t\t\t\t\t\t\t\t\t\t<img loading=\"lazy\" decoding=\"async\" width=\"480\" height=\"480\" src=\"https:\/\/wir-kaufen-dein-auto-schweiz.ch\/wp-content\/\/uploads\/2025\/01\/kantonswappen_Jura-480x480-1.gif\" class=\"attachment-large size-large wp-image-4172\" alt=\"Kanton Jura Autoankauf\" \/>\t\t\t\t\t\t\t\t\t\t\t\t\t\t\t<\/div>\n\t\t\t\t<\/div>\n\t\t\t\t<div class=\"elementor-element elementor-element-d219f55 elementor-widget elementor-widget-image\" data-id=\"d219f55\" data-element_type=\"widget\" data-widget_type=\"image.default\">\n\t\t\t\t<div class=\"elementor-widget-container\">\n\t\t\t\t\t\t\t\t\t\t\t\t\t\t\t<img loading=\"lazy\" decoding=\"async\" width=\"480\" height=\"480\" src=\"https:\/\/wir-kaufen-dein-auto-schweiz.ch\/wp-content\/\/uploads\/2025\/01\/kantonswappen_Appenzell-Innerhoden-480x480-1.gif\" class=\"attachment-large size-large wp-image-4164\" alt=\"Kanton Appenzell Innerhoden Autoankauf\" \/>\t\t\t\t\t\t\t\t\t\t\t\t\t\t\t<\/div>\n\t\t\t\t<\/div>\n\t\t\t\t<div class=\"elementor-element elementor-element-9e2818e elementor-widget elementor-widget-image\" data-id=\"9e2818e\" data-element_type=\"widget\" data-widget_type=\"image.default\">\n\t\t\t\t<div class=\"elementor-widget-container\">\n\t\t\t\t\t\t\t\t\t\t\t\t\t\t\t<img loading=\"lazy\" decoding=\"async\" width=\"480\" height=\"480\" src=\"https:\/\/wir-kaufen-dein-auto-schweiz.ch\/wp-content\/\/uploads\/2025\/01\/kantonswappen_Appenzell_ausserrhoden-480x480-1.gif\" class=\"attachment-large size-large wp-image-4163\" alt=\"Kanton Appenzell Ausserhoden Autoankauf\" \/>\t\t\t\t\t\t\t\t\t\t\t\t\t\t\t<\/div>\n\t\t\t\t<\/div>\n\t\t\t\t<div class=\"elementor-element elementor-element-1b17893 elementor-widget elementor-widget-image\" data-id=\"1b17893\" data-element_type=\"widget\" data-widget_type=\"image.default\">\n\t\t\t\t<div class=\"elementor-widget-container\">\n\t\t\t\t\t\t\t\t\t\t\t\t\t\t\t<img loading=\"lazy\" decoding=\"async\" width=\"480\" height=\"480\" src=\"https:\/\/wir-kaufen-dein-auto-schweiz.ch\/wp-content\/\/uploads\/2025\/01\/kantonswappen_Fribourg-480x480-1.gif\" class=\"attachment-large size-large wp-image-4168\" alt=\"Kanton Freiburg Autoankauf\" \/>\t\t\t\t\t\t\t\t\t\t\t\t\t\t\t<\/div>\n\t\t\t\t<\/div>\n\t\t\t\t<div class=\"elementor-element elementor-element-5df2ed5 elementor-widget elementor-widget-image\" data-id=\"5df2ed5\" data-element_type=\"widget\" data-widget_type=\"image.default\">\n\t\t\t\t<div class=\"elementor-widget-container\">\n\t\t\t\t\t\t\t\t\t\t\t\t\t\t\t<img loading=\"lazy\" decoding=\"async\" width=\"480\" height=\"480\" src=\"https:\/\/wir-kaufen-dein-auto-schweiz.ch\/wp-content\/\/uploads\/2025\/01\/kantonswappen_Wadt_Vaud-480x480-1.gif\" class=\"attachment-large size-large wp-image-4183\" alt=\"Kanton Waadt Vaud Autoankauf\" \/>\t\t\t\t\t\t\t\t\t\t\t\t\t\t\t<\/div>\n\t\t\t\t<\/div>\n\t\t\t\t<div class=\"elementor-element elementor-element-2097e47 elementor-widget elementor-widget-image\" data-id=\"2097e47\" data-element_type=\"widget\" data-widget_type=\"image.default\">\n\t\t\t\t<div class=\"elementor-widget-container\">\n\t\t\t\t\t\t\t\t\t\t\t\t\t\t\t<img loading=\"lazy\" decoding=\"async\" width=\"480\" height=\"480\" src=\"https:\/\/wir-kaufen-dein-auto-schweiz.ch\/wp-content\/\/uploads\/2025\/01\/kantonswappen_genf-480x480-1.gif\" class=\"attachment-large size-large wp-image-4169\" alt=\"Kanton Genf Gen\u00e8ve Autoankauf\" \/>\t\t\t\t\t\t\t\t\t\t\t\t\t\t\t<\/div>\n\t\t\t\t<\/div>\n\t\t\t\t<div class=\"elementor-element elementor-element-2576896 elementor-widget elementor-widget-image\" data-id=\"2576896\" data-element_type=\"widget\" data-widget_type=\"image.default\">\n\t\t\t\t<div class=\"elementor-widget-container\">\n\t\t\t\t\t\t\t\t\t\t\t\t\t\t\t<img loading=\"lazy\" decoding=\"async\" width=\"480\" height=\"480\" src=\"https:\/\/wir-kaufen-dein-auto-schweiz.ch\/wp-content\/\/uploads\/2025\/01\/kantonswappen_Neuenburg-480x480-1.gif\" class=\"attachment-large size-large wp-image-4174\" alt=\"Kanton Neuenburg Neuch\u00e2tel Autoankauf\" \/>\t\t\t\t\t\t\t\t\t\t\t\t\t\t\t<\/div>\n\t\t\t\t<\/div>\n\t\t\t\t<div class=\"elementor-element elementor-element-c1fe8a0 elementor-widget elementor-widget-image\" data-id=\"c1fe8a0\" data-element_type=\"widget\" data-widget_type=\"image.default\">\n\t\t\t\t<div class=\"elementor-widget-container\">\n\t\t\t\t\t\t\t\t\t\t\t\t\t\t\t<img loading=\"lazy\" decoding=\"async\" width=\"480\" height=\"480\" src=\"https:\/\/wir-kaufen-dein-auto-schweiz.ch\/wp-content\/\/uploads\/2025\/01\/kantonswappen_Tessin_Ticino-480x480-1.gif\" class=\"attachment-large size-large wp-image-4181\" alt=\"Kanton Tessin Ticino Autoankauf\" \/>\t\t\t\t\t\t\t\t\t\t\t\t\t\t\t<\/div>\n\t\t\t\t<\/div>\n\t\t\t\t<\/div>\n\t\t\t\t<\/div>\n\t\t\t\t\t<\/div>\n\t\t\t\t<\/div>\n\t\t<div class=\"elementor-element elementor-element-2354520 e-flex e-con-boxed e-con e-parent\" data-id=\"2354520\" data-element_type=\"container\" data-settings=\"{&quot;background_background&quot;:&quot;classic&quot;}\">\n\t\t\t\t\t<div class=\"e-con-inner\">\n\t\t<div class=\"elementor-element elementor-element-a8ec372 e-con-full e-flex e-con e-child\" data-id=\"a8ec372\" data-element_type=\"container\">\n\t\t\t\t<div class=\"elementor-element elementor-element-706811a elementor-widget elementor-widget-menu-anchor\" data-id=\"706811a\" data-element_type=\"widget\" data-widget_type=\"menu-anchor.default\">\n\t\t\t\t<div class=\"elementor-widget-container\">\n\t\t\t\t\t\t\t<div class=\"elementor-menu-anchor\" id=\"onlineofferte\"><\/div>\n\t\t\t\t\t\t<\/div>\n\t\t\t\t<\/div>\n\t\t\t\t<div class=\"elementor-element elementor-element-5795d6f elementor-widget elementor-widget-heading\" data-id=\"5795d6f\" data-element_type=\"widget\" data-widget_type=\"heading.default\">\n\t\t\t\t<div class=\"elementor-widget-container\">\n\t\t\t\t\t<h3 class=\"elementor-heading-title elementor-size-default\">Obtenir une offre pour votre auto d'occasion<\/h3>\t\t\t\t<\/div>\n\t\t\t\t<\/div>\n\t\t\t\t<div class=\"elementor-element elementor-element-96c1e04 elementor-widget elementor-widget-text-editor\" data-id=\"96c1e04\" data-element_type=\"widget\" data-widget_type=\"text-editor.default\">\n\t\t\t\t<div class=\"elementor-widget-container\">\n\t\t\t\t\t\t\t\t\t<p class=\"translation-block\">\u00abJe souhaite vendre mon ancienne voiture!\u00bb Alors vous \u00eates \u00e0 la bonne adresse : il vous suffit de nous appeler au 079 437 38 42 et vous recevrez d\u00e8s aujourd'hui une offre exceptionnelle pour votre voiture d'occasion. \u00abWIR KAUFEN DEIN AUTO SCHWEIZ\u00bb est sp\u00e9cialis\u00e9 dans l'achat et la vente de v\u00e9hicules dans tous les cantons Suisses.<\/p>\t\t\t\t\t\t\t\t<\/div>\n\t\t\t\t<\/div>\n\t\t\t\t<div class=\"elementor-element elementor-element-be42a97 elementor-widget elementor-widget-heading\" data-id=\"be42a97\" data-element_type=\"widget\" data-widget_type=\"heading.default\">\n\t\t\t\t<div class=\"elementor-widget-container\">\n\t\t\t\t\t<h4 class=\"elementor-heading-title elementor-size-default\">Quelle est la valeur de mon ancienne voiture?<\/h4>\t\t\t\t<\/div>\n\t\t\t\t<\/div>\n\t\t\t\t<div class=\"elementor-element elementor-element-7db55e4 elementor-widget elementor-widget-html\" data-id=\"7db55e4\" data-element_type=\"widget\" data-widget_type=\"html.default\">\n\t\t\t\t<div class=\"elementor-widget-container\">\n\t\t\t\t\t\n<div class=\"wpcf7 no-js\" id=\"wpcf7-f2834-o1\" lang=\"en-US\" dir=\"ltr\" data-wpcf7-id=\"2834\">\n<div class=\"screen-reader-response\"><p role=\"status\" aria-live=\"polite\" aria-atomic=\"true\"><\/p> <ul><\/ul><\/div>\n<form action=\"\/fr\/wp-json\/wp\/v2\/pages\/4112#wpcf7-f2834-o1\" method=\"post\" class=\"wpcf7-form init\" aria-label=\"Contact form\" novalidate=\"novalidate\" data-status=\"init\" data-trp-original-action=\"\/fr\/wp-json\/wp\/v2\/pages\/4112#wpcf7-f2834-o1\">\n<fieldset class=\"hidden-fields-container\"><input type=\"hidden\" name=\"_wpcf7\" value=\"2834\" \/><input type=\"hidden\" name=\"_wpcf7_version\" value=\"6.1.4\" \/><input type=\"hidden\" name=\"_wpcf7_locale\" value=\"en_US\" \/><input type=\"hidden\" name=\"_wpcf7_unit_tag\" value=\"wpcf7-f2834-o1\" \/><input type=\"hidden\" name=\"_wpcf7_container_post\" value=\"0\" \/><input type=\"hidden\" name=\"_wpcf7_posted_data_hash\" value=\"\" \/><input type=\"hidden\" name=\"_wpcf7_recaptcha_response\" value=\"\" \/>\n<\/fieldset>\n<div class=\"col-sm-4\">\n\t<p><span class=\"wpcf7-form-control-wrap\" data-name=\"yourname\"><input size=\"40\" maxlength=\"400\" class=\"wpcf7-form-control wpcf7-text wpcf7-validates-as-required form-popup__input\" aria-required=\"true\" aria-invalid=\"false\" placeholder=\"Nom\" value=\"\" type=\"text\" name=\"yourname\" \/><\/span><br \/>\n<label for=\"name\" class=\"form__label\"><\/label>\n\t<\/p>\n<\/div>\n<div class=\"col-sm-4\">\n\t<p><span class=\"wpcf7-form-control-wrap\" data-name=\"email\"><input size=\"40\" maxlength=\"400\" class=\"wpcf7-form-control wpcf7-email wpcf7-validates-as-required wpcf7-text wpcf7-validates-as-email form-popup__input\" aria-required=\"true\" aria-invalid=\"false\" placeholder=\"Courriel\" value=\"\" type=\"email\" name=\"email\" \/><\/span><br \/>\n<label for=\"email\" class=\"form__label\"><\/label>\n\t<\/p>\n<\/div>\n<div class=\"col-sm-4\">\n\t<p><span class=\"wpcf7-form-control-wrap\" data-name=\"phone\"><input size=\"40\" maxlength=\"400\" class=\"wpcf7-form-control wpcf7-text wpcf7-validates-as-required form-popup__input\" aria-required=\"true\" aria-invalid=\"false\" placeholder=\"T\u00e9l\u00e9phone\" value=\"\" type=\"text\" name=\"phone\" \/><\/span><br \/>\n<label for=\"phone\" class=\"form__label\"><\/label>\n\t<\/p>\n<\/div>\n<div class=\"col-sm-12\">\n\t<p><span class=\"wpcf7-form-control-wrap\" data-name=\"marke\"><input size=\"40\" maxlength=\"400\" class=\"wpcf7-form-control wpcf7-text form__input\" aria-invalid=\"false\" placeholder=\"Marque et mod\u00e8le\" value=\"\" type=\"text\" name=\"marke\" \/><\/span><br \/>\n<label for=\"message\" class=\"form__label\"><\/label>\n\t<\/p>\n<\/div>\n<div class=\"col-sm-4\">\n\t<p><span class=\"wpcf7-form-control-wrap\" data-name=\"jahrgang\"><input size=\"40\" maxlength=\"400\" class=\"wpcf7-form-control wpcf7-text form-popup__input\" aria-invalid=\"false\" placeholder=\"Ann\u00e9e\" value=\"\" type=\"text\" name=\"jahrgang\" \/><\/span><br \/>\n<label for=\"year\" class=\"form__label\"><\/label>\n\t<\/p>\n<\/div>\n<div class=\"col-sm-4\">\n\t<p><span class=\"wpcf7-form-control-wrap\" data-name=\"km\"><input size=\"40\" maxlength=\"400\" class=\"wpcf7-form-control wpcf7-text form-popup__input\" aria-invalid=\"false\" placeholder=\"KM\" value=\"\" type=\"text\" name=\"km\" \/><\/span><br \/>\n<label for=\"kilometer\" class=\"form__label\"><\/label>\n\t<\/p>\n<\/div>\n<div class=\"col-sm-4\">\n\t<p><span class=\"wpcf7-form-control-wrap\" data-name=\"preis\"><input size=\"40\" maxlength=\"400\" class=\"wpcf7-form-control wpcf7-text form-popup__input\" aria-invalid=\"false\" placeholder=\"Votre prix demand\u00e9\" value=\"\" type=\"text\" name=\"preis\" \/><\/span><br \/>\n<label for=\"preis\" class=\"form__label\"><\/label>\n\t<\/p>\n<\/div>\n<div class=\"col-sm-12\">\n\t<p><span class=\"wpcf7-form-control-wrap\" data-name=\"message\"><textarea cols=\"40\" rows=\"10\" maxlength=\"2000\" class=\"wpcf7-form-control wpcf7-textarea form__input\" aria-invalid=\"false\" placeholder=\"Informations suppl\u00e9mentaires concernant votre v\u00e9hicule\" name=\"message\"><\/textarea><\/span><br \/>\n<label for=\"message\" class=\"form__label\"><\/label>\n\t<\/p>\n<\/div>\n<div class=\"col-sm-12\">\n\t<p><input class=\"wpcf7-form-control wpcf7-submit has-spinner custom-button\" type=\"submit\" value=\"ENVOYER\" \/>\n\t<\/p>\n<\/div><div class=\"wpcf7-response-output\" aria-hidden=\"true\"><\/div>\n<input type=\"hidden\" name=\"trp-form-language\" value=\"fr\"\/><\/form>\n<\/div>\n\t\t\t\t<\/div>\n\t\t\t\t<\/div>\n\t\t\t\t<div class=\"elementor-element elementor-element-fb89ac3 elementor-widget elementor-widget-text-editor\" data-id=\"fb89ac3\" data-element_type=\"widget\" data-widget_type=\"text-editor.default\">\n\t\t\t\t<div class=\"elementor-widget-container\">\n\t\t\t\t\t\t\t\t\t<p class=\"translation-block\">Nous vous remercions pour votre requ\u00eate. Nous allons imm\u00e9diatement traiter votre demande et vous r\u00e9pondrons dans les plus brefs d\u00e9lais. Chez \u00abwir-kaufen-dein-auto-schweiz.ch\u00bb, nous traitons vos donn\u00e9es de mani\u00e8re strictement confidentielle. Aucune information n'est utilis\u00e9e \u00e0 des fins publicitaires ni transmise \u00e0 des tiers. Nous nous r\u00e9jouissons de votre prise de contact.<\/p>\t\t\t\t\t\t\t\t<\/div>\n\t\t\t\t<\/div>\n\t\t\t\t<\/div>\n\t\t\t\t\t<\/div>\n\t\t\t\t<\/div>\n\t\t<div class=\"elementor-element elementor-element-670d097 e-flex e-con-boxed e-con e-parent\" data-id=\"670d097\" data-element_type=\"container\">\n\t\t\t\t\t<div class=\"e-con-inner\">\n\t\t<div class=\"elementor-element elementor-element-7b07e8b e-con-full e-flex e-con e-child\" data-id=\"7b07e8b\" data-element_type=\"container\">\n\t\t\t\t<div class=\"elementor-element elementor-element-5206a94 elementor-widget elementor-widget-heading\" data-id=\"5206a94\" data-element_type=\"widget\" data-widget_type=\"heading.default\">\n\t\t\t\t<div class=\"elementor-widget-container\">\n\t\t\t\t\t<h3 class=\"elementor-heading-title elementor-size-default\">Achat et vente de voitures dans toute la Suisse<\/h3>\t\t\t\t<\/div>\n\t\t\t\t<\/div>\n\t\t\t\t<div class=\"elementor-element elementor-element-b6f9f9c elementor-widget elementor-widget-text-editor\" data-id=\"b6f9f9c\" data-element_type=\"widget\" data-widget_type=\"text-editor.default\">\n\t\t\t\t<div class=\"elementor-widget-container\">\n\t\t\t\t\t\t\t\t\t<p>Quel que soit le canton dans lequel vous habitez, nous vous proposons un prix \u00e9quitable pour votre vieille voiture et venons la chercher directement chez vous dans les 24 heures en Romandie et dans toute la Suisse.<\/p>\t\t\t\t\t\t\t\t<\/div>\n\t\t\t\t<\/div>\n\t\t\t\t<div class=\"elementor-element elementor-element-ab4515b elementor-widget elementor-widget-spacer\" data-id=\"ab4515b\" data-element_type=\"widget\" data-widget_type=\"spacer.default\">\n\t\t\t\t<div class=\"elementor-widget-container\">\n\t\t\t\t\t\t\t<div class=\"elementor-spacer\">\n\t\t\t<div class=\"elementor-spacer-inner\"><\/div>\n\t\t<\/div>\n\t\t\t\t\t\t<\/div>\n\t\t\t\t<\/div>\n\t\t\t\t<\/div>\n\t\t<div class=\"elementor-element elementor-element-972c1d3 e-con-full e-flex e-con e-child\" data-id=\"972c1d3\" data-element_type=\"container\">\n\t\t<div class=\"elementor-element elementor-element-c4094bb e-grid e-con-full e-con e-child\" data-id=\"c4094bb\" data-element_type=\"container\">\n\t\t<div class=\"elementor-element elementor-element-85f6f91 e-con-full e-flex e-con e-child\" data-id=\"85f6f91\" data-element_type=\"container\">\n\t\t\t\t<div class=\"elementor-element elementor-element-dbc7367 elementor-widget elementor-widget-heading\" data-id=\"dbc7367\" data-element_type=\"widget\" data-widget_type=\"heading.default\">\n\t\t\t\t<div class=\"elementor-widget-container\">\n\t\t\t\t\t<h4 class=\"elementor-heading-title elementor-size-default\">Enl\u00e8vement gratuit<\/h4>\t\t\t\t<\/div>\n\t\t\t\t<\/div>\n\t\t\t\t<div class=\"elementor-element elementor-element-00422ef elementor-widget elementor-widget-text-editor\" data-id=\"00422ef\" data-element_type=\"widget\" data-widget_type=\"text-editor.default\">\n\t\t\t\t<div class=\"elementor-widget-container\">\n\t\t\t\t\t\t\t\t\t<p class=\"translation-block\">Nous vous proposons un enl\u00e8vement gratuit de votre ancienne voiture, partout en Suisse romande et le jour m\u00eame. Gr\u00e2ce \u00e0 notre vaste r\u00e9seau et \u00e0 notre \u00e9quipe exp\u00e9riment\u00e9e, l'enl\u00e8vement est rapide, simple et fiable. Nous vous garantissons une date d'enl\u00e8vement flexible qui vous convient et veillons \u00e0 ce que l'ensemble du processus se d\u00e9roule sans encombre et sans stress pour vous.<\/p>\t\t\t\t\t\t\t\t<\/div>\n\t\t\t\t<\/div>\n\t\t\t\t<\/div>\n\t\t<div class=\"elementor-element elementor-element-e28328d e-con-full e-flex e-con e-child\" data-id=\"e28328d\" data-element_type=\"container\">\n\t\t\t\t<div class=\"elementor-element elementor-element-5b4d860 elementor-widget elementor-widget-heading\" data-id=\"5b4d860\" data-element_type=\"widget\" data-widget_type=\"heading.default\">\n\t\t\t\t<div class=\"elementor-widget-container\">\n\t\t\t\t\t<h4 class=\"elementor-heading-title elementor-size-default\">Paiement en esp\u00e8ces<\/h4>\t\t\t\t<\/div>\n\t\t\t\t<\/div>\n\t\t\t\t<div class=\"elementor-element elementor-element-06248b0 elementor-widget elementor-widget-text-editor\" data-id=\"06248b0\" data-element_type=\"widget\" data-widget_type=\"text-editor.default\">\n\t\t\t\t<div class=\"elementor-widget-container\">\n\t\t\t\t\t\t\t\t\t<p class=\"translation-block\">Votre confiance et votre satisfaction sont notre priorit\u00e9 absolue. C'est vous qui d\u00e9cidez comment vous souhaitez \u00eatre pay\u00e9! Nous vous versons le montant convenu pour votre v\u00e9hicule d'occasion directement en esp\u00e8ces ou, si vous le souhaitez, le jour m\u00eame par virement bancaire. Vous souhaitez vendre votre voiture et recevoir imm\u00e9diatement de l'argent liquide? Il vous suffit de nous indiquer votre mode de paiement pr\u00e9f\u00e9r\u00e9 d\u00e8s que vous acceptez notre offre d'achat de v\u00e9hicule.<\/p>\t\t\t\t\t\t\t\t<\/div>\n\t\t\t\t<\/div>\n\t\t\t\t<\/div>\n\t\t<div class=\"elementor-element elementor-element-ac865ba e-con-full e-flex e-con e-child\" data-id=\"ac865ba\" data-element_type=\"container\">\n\t\t\t\t<div class=\"elementor-element elementor-element-250fe4b elementor-widget elementor-widget-heading\" data-id=\"250fe4b\" data-element_type=\"widget\" data-widget_type=\"heading.default\">\n\t\t\t\t<div class=\"elementor-widget-container\">\n\t\t\t\t\t<h4 class=\"elementor-heading-title elementor-size-default\">Annulation de tous les documents du v\u00e9hicule<\/h4>\t\t\t\t<\/div>\n\t\t\t\t<\/div>\n\t\t\t\t<div class=\"elementor-element elementor-element-6ccfdad elementor-widget elementor-widget-text-editor\" data-id=\"6ccfdad\" data-element_type=\"widget\" data-widget_type=\"text-editor.default\">\n\t\t\t\t<div class=\"elementor-widget-container\">\n\t\t\t\t\t\t\t\t\t<p class=\"translation-block\">Votre v\u00e9hicule doit encore \u00eatre d\u00e9simmatricul\u00e9 aupr\u00e8s du service des automobiles ? Pas de probl\u00e8me, nous nous en occupons ! Apr\u00e8s votre rappel personnel, nous convenons avec vous de la mani\u00e8re la plus simple de proc\u00e9der \u00e0 la d\u00e9simmatriculation. Nous nous chargeons de toutes les formalit\u00e9s et de la paperasserie et d\u00e9simmatriculons votre permis de circulation directement aupr\u00e8s du service des automobiles de votre canton de r\u00e9sidence. Il vous suffit de nous en informer lors de votre demande et nous nous occupons du reste.<\/p>\t\t\t\t\t\t\t\t<\/div>\n\t\t\t\t<\/div>\n\t\t\t\t<\/div>\n\t\t\t\t<\/div>\n\t\t\t\t<\/div>\n\t\t<div class=\"elementor-element elementor-element-a191acd e-con-full e-flex e-con e-child\" data-id=\"a191acd\" data-element_type=\"container\">\n\t\t\t\t<div class=\"elementor-element elementor-element-8c881aa elementor-widget elementor-widget-text-editor\" data-id=\"8c881aa\" data-element_type=\"widget\" data-widget_type=\"text-editor.default\">\n\t\t\t\t<div class=\"elementor-widget-container\">\n\t\t\t\t\t\t\t\t\t<div class=\"flex-shrink-0 flex flex-col relative items-end\"><div><div class=\"pt-0\"><div class=\"gizmo-bot-avatar flex h-8 w-8 items-center justify-center overflow-hidden rounded-full\"><div class=\"relative p-1 rounded-sm flex items-center justify-center bg-token-main-surface-primary text-token-text-primary h-8 w-8\">\u00a0<\/div><\/div><\/div><\/div><\/div><div class=\"group\/conversation-turn relative flex w-full min-w-0 flex-col agent-turn\"><div class=\"flex-col gap-1 md:gap-3\"><div class=\"flex max-w-full flex-col flex-grow\"><div class=\"min-h-8 text-message flex w-full flex-col items-end gap-2 whitespace-normal break-words text-start [.text-message+&amp;]:mt-5\" dir=\"auto\" data-message-author-role=\"assistant\" data-message-id=\"5053b743-530b-47bd-9ada-32ed6571f51a\" data-message-model-slug=\"gpt-4o\"><div class=\"flex w-full flex-col gap-1 empty:hidden first:pt-[3px]\"><div class=\"markdown prose w-full break-words dark:prose-invert light\"><p class=\"translation-block\">Si vous avez des questions concernant l'exportation de voitures, n'h\u00e9sitez pas \u00e0 nous appeler ou \u00e0 nous envoyer un message via WhatsApp.<\/p><\/div><\/div><\/div><\/div><\/div><\/div>\t\t\t\t\t\t\t\t<\/div>\n\t\t\t\t<\/div>\n\t\t\t\t<div class=\"elementor-element elementor-element-639bcf7 elementor-widget elementor-widget-spacer\" data-id=\"639bcf7\" data-element_type=\"widget\" data-widget_type=\"spacer.default\">\n\t\t\t\t<div class=\"elementor-widget-container\">\n\t\t\t\t\t\t\t<div class=\"elementor-spacer\">\n\t\t\t<div class=\"elementor-spacer-inner\"><\/div>\n\t\t<\/div>\n\t\t\t\t\t\t<\/div>\n\t\t\t\t<\/div>\n\t\t\t\t<div class=\"elementor-element elementor-element-860d1a0 elementor-align-center elementor-widget elementor-widget-button\" data-id=\"860d1a0\" data-element_type=\"widget\" data-widget_type=\"button.default\">\n\t\t\t\t<div class=\"elementor-widget-container\">\n\t\t\t\t\t\t\t\t\t<div class=\"elementor-button-wrapper\">\n\t\t\t\t\t<a class=\"elementor-button elementor-button-link elementor-size-sm\" href=\"tel:+41794373842\">\n\t\t\t\t\t\t<span class=\"elementor-button-content-wrapper\">\n\t\t\t\t\t\t<span class=\"elementor-button-icon\">\n\t\t\t\t<svg aria-hidden=\"true\" class=\"e-font-icon-svg e-fas-phone-square-alt\" viewbox=\"0 0 448 512\" xmlns=\"http:\/\/www.w3.org\/2000\/svg\"><path d=\"M400 32H48A48 48 0 0 0 0 80v352a48 48 0 0 0 48 48h352a48 48 0 0 0 48-48V80a48 48 0 0 0-48-48zm-16.39 307.37l-15 65A15 15 0 0 1 354 416C194 416 64 286.29 64 126a15.7 15.7 0 0 1 11.63-14.61l65-15A18.23 18.23 0 0 1 144 96a16.27 16.27 0 0 1 13.79 9.09l30 70A17.9 17.9 0 0 1 189 181a17 17 0 0 1-5.5 11.61l-37.89 31a231.91 231.91 0 0 0 110.78 110.78l31-37.89A17 17 0 0 1 299 291a17.85 17.85 0 0 1 5.91 1.21l70 30A16.25 16.25 0 0 1 384 336a17.41 17.41 0 0 1-.39 3.37z\"><\/path><\/svg>\t\t\t<\/span>\n\t\t\t\t\t\t\t\t\t<span class=\"elementor-button-text\">HOTLINE:  079 437 38 42<\/span>\n\t\t\t\t\t<\/span>\n\t\t\t\t\t<\/a>\n\t\t\t\t<\/div>\n\t\t\t\t\t\t\t\t<\/div>\n\t\t\t\t<\/div>\n\t\t\t\t<\/div>\n\t\t\t\t\t<\/div>\n\t\t\t\t<\/div>\n\t\t<div class=\"elementor-element elementor-element-b6de01b e-grid e-con-full e-con e-parent\" data-id=\"b6de01b\" data-element_type=\"container\" data-settings=\"{&quot;background_background&quot;:&quot;classic&quot;}\">\n\t\t<div class=\"elementor-element elementor-element-1c291bb e-flex e-con-boxed e-con e-child\" data-id=\"1c291bb\" data-element_type=\"container\" data-settings=\"{&quot;background_background&quot;:&quot;classic&quot;}\">\n\t\t\t\t\t<div class=\"e-con-inner\">\n\t\t\t\t\t<\/div>\n\t\t\t\t<\/div>\n\t\t<div class=\"elementor-element elementor-element-43eeb85 e-flex e-con-boxed e-con e-child\" data-id=\"43eeb85\" data-element_type=\"container\">\n\t\t\t\t\t<div class=\"e-con-inner\">\n\t\t\t\t<div class=\"elementor-element elementor-element-45d6071 elementor-widget elementor-widget-heading\" data-id=\"45d6071\" data-element_type=\"widget\" data-widget_type=\"heading.default\">\n\t\t\t\t<div class=\"elementor-widget-container\">\n\t\t\t\t\t<h2 class=\"elementor-heading-title elementor-size-default\">Vous \u00eates int\u00e9ress\u00e9 par une estimation gratuite et sans engagement de votre voiture d\u2019occasion?<\/h2>\t\t\t\t<\/div>\n\t\t\t\t<\/div>\n\t\t\t\t<div class=\"elementor-element elementor-element-6bbf364 elementor-widget elementor-widget-text-editor\" data-id=\"6bbf364\" data-element_type=\"widget\" data-widget_type=\"text-editor.default\">\n\t\t\t\t<div class=\"elementor-widget-container\">\n\t\t\t\t\t\t\t\t\t<p>Faites \u00e9valuer gratuitement et sans engagement votre voiture d'occasion par nos soins et obtenez une estimation transparente de sa valeur actuelle sur le march\u00e9 automobile. Nous vous proposons une \u00e9valuation \u00e9quitable et professionnelle sans garantir les prix les plus \u00e9lev\u00e9s pour votre v\u00e9hicule d'occasion.<\/p>\t\t\t\t\t\t\t\t<\/div>\n\t\t\t\t<\/div>\n\t\t<div class=\"elementor-element elementor-element-ad6eb0f e-grid e-con-full e-con e-child\" data-id=\"ad6eb0f\" data-element_type=\"container\">\n\t\t\t\t<div class=\"elementor-element elementor-element-61afd58 elementor-widget elementor-widget-button\" data-id=\"61afd58\" data-element_type=\"widget\" data-widget_type=\"button.default\">\n\t\t\t\t<div class=\"elementor-widget-container\">\n\t\t\t\t\t\t\t\t\t<div class=\"elementor-button-wrapper\">\n\t\t\t\t\t<a class=\"elementor-button elementor-button-link elementor-size-sm\" href=\"https:\/\/wir-kaufen-dein-auto-schweiz.ch\/fr\/offerte-anfragen\/#onlineofferte\">\n\t\t\t\t\t\t<span class=\"elementor-button-content-wrapper\">\n\t\t\t\t\t\t\t\t\t<span class=\"elementor-button-text\">Requ\u00eate de prix en ligne<\/span>\n\t\t\t\t\t<\/span>\n\t\t\t\t\t<\/a>\n\t\t\t\t<\/div>\n\t\t\t\t\t\t\t\t<\/div>\n\t\t\t\t<\/div>\n\t\t\t\t<div class=\"elementor-element elementor-element-3b71b98 elementor-widget elementor-widget-button\" data-id=\"3b71b98\" data-element_type=\"widget\" data-widget_type=\"button.default\">\n\t\t\t\t<div class=\"elementor-widget-container\">\n\t\t\t\t\t\t\t\t\t<div class=\"elementor-button-wrapper\">\n\t\t\t\t\t<a class=\"elementor-button elementor-button-link elementor-size-sm\" href=\"tel:+41794373842\">\n\t\t\t\t\t\t<span class=\"elementor-button-content-wrapper\">\n\t\t\t\t\t\t<span class=\"elementor-button-icon\">\n\t\t\t\t<svg aria-hidden=\"true\" class=\"e-font-icon-svg e-fas-phone-square-alt\" viewbox=\"0 0 448 512\" xmlns=\"http:\/\/www.w3.org\/2000\/svg\"><path d=\"M400 32H48A48 48 0 0 0 0 80v352a48 48 0 0 0 48 48h352a48 48 0 0 0 48-48V80a48 48 0 0 0-48-48zm-16.39 307.37l-15 65A15 15 0 0 1 354 416C194 416 64 286.29 64 126a15.7 15.7 0 0 1 11.63-14.61l65-15A18.23 18.23 0 0 1 144 96a16.27 16.27 0 0 1 13.79 9.09l30 70A17.9 17.9 0 0 1 189 181a17 17 0 0 1-5.5 11.61l-37.89 31a231.91 231.91 0 0 0 110.78 110.78l31-37.89A17 17 0 0 1 299 291a17.85 17.85 0 0 1 5.91 1.21l70 30A16.25 16.25 0 0 1 384 336a17.41 17.41 0 0 1-.39 3.37z\"><\/path><\/svg>\t\t\t<\/span>\n\t\t\t\t\t\t\t\t\t<span class=\"elementor-button-text\">Aper\u00e7u : 079 437 38 42<\/span>\n\t\t\t\t\t<\/span>\n\t\t\t\t\t<\/a>\n\t\t\t\t<\/div>\n\t\t\t\t\t\t\t\t<\/div>\n\t\t\t\t<\/div>\n\t\t\t\t<\/div>\n\t\t\t\t\t<\/div>\n\t\t\t\t<\/div>\n\t\t\t\t<\/div>\n\t\t\t\t<\/div>","protected":false},"excerpt":{"rendered":"<p>Autoankauf ganze Schweiz Wir kaufen ihr gebrauchtes Auto in allen Kantonen 079&nbsp;437&nbsp;38&nbsp;42 Gratis-Offerte anfordern&#8230; Wir kaufen dein Auto \u2013 in der ganzen Schweiz Seit 1994 sind wir ihr zuverl\u00e4ssiger Partner f\u00fcr den Autoankauf in der gesamten Schweiz. Wir bieten Privatverk\u00e4ufern eine schnelle, unkomplizierte und faire L\u00f6sung, um ihr Fahrzeug stressfrei zu verkaufen. Ob Benzin, Diesel [&hellip;]<\/p>","protected":false},"author":12,"featured_media":4206,"parent":0,"menu_order":60,"comment_status":"closed","ping_status":"closed","template":"elementor_header_footer","meta":{"footnotes":""},"class_list":["post-4112","page","type-page","status-publish","has-post-thumbnail","hentry"],"_links":{"self":[{"href":"https:\/\/wir-kaufen-dein-auto-schweiz.ch\/fr\/wp-json\/wp\/v2\/pages\/4112","targetHints":{"allow":["GET"]}}],"collection":[{"href":"https:\/\/wir-kaufen-dein-auto-schweiz.ch\/fr\/wp-json\/wp\/v2\/pages"}],"about":[{"href":"https:\/\/wir-kaufen-dein-auto-schweiz.ch\/fr\/wp-json\/wp\/v2\/types\/page"}],"author":[{"embeddable":true,"href":"https:\/\/wir-kaufen-dein-auto-schweiz.ch\/fr\/wp-json\/wp\/v2\/users\/12"}],"replies":[{"embeddable":true,"href":"https:\/\/wir-kaufen-dein-auto-schweiz.ch\/fr\/wp-json\/wp\/v2\/comments?post=4112"}],"version-history":[{"count":113,"href":"https:\/\/wir-kaufen-dein-auto-schweiz.ch\/fr\/wp-json\/wp\/v2\/pages\/4112\/revisions"}],"predecessor-version":[{"id":4344,"href":"https:\/\/wir-kaufen-dein-auto-schweiz.ch\/fr\/wp-json\/wp\/v2\/pages\/4112\/revisions\/4344"}],"wp:featuredmedia":[{"embeddable":true,"href":"https:\/\/wir-kaufen-dein-auto-schweiz.ch\/fr\/wp-json\/wp\/v2\/media\/4206"}],"wp:attachment":[{"href":"https:\/\/wir-kaufen-dein-auto-schweiz.ch\/fr\/wp-json\/wp\/v2\/media?parent=4112"}],"curies":[{"name":"wp","href":"https:\/\/api.w.org\/{rel}","templated":true}]}}